{"id":54,"date":"2014-06-28T17:18:17","date_gmt":"2014-06-28T17:18:17","guid":{"rendered":"http:\/\/wp.tv-jugenheim.de\/?page_id=54"},"modified":"2026-04-12T18:39:30","modified_gmt":"2026-04-12T16:39:30","slug":"badminton","status":"publish","type":"page","link":"https:\/\/tv-jugenheim.de\/wp1\/abteilung\/badminton\/","title":{"rendered":"Badminton"},"content":{"rendered":"<p><a href=\"https:\/\/tv-jugenheim.de\/wp-media\/2014\/06\/smash.jpg\"><img loading=\"lazy\" decoding=\"async\" class=\"alignright wp-image-917 size-medium\" src=\"https:\/\/tv-jugenheim.de\/wp-media\/2014\/06\/smash-151x300.jpg\" alt=\"Badminton - Smash\" width=\"151\" height=\"300\" srcset=\"https:\/\/tv-jugenheim.de\/wp-media\/2014\/06\/smash-151x300.jpg 151w, https:\/\/tv-jugenheim.de\/wp-media\/2014\/06\/smash.jpg 292w\" sizes=\"auto, (max-width: 151px) 100vw, 151px\" \/><\/a><\/p>\n<p>Die Badminton-Abteilung des TV Jugenheim verf\u00fcgt \u00fcber einen Jugend- und einen Erwachsenen-Bereich.<\/p>\n<p>F\u00fcr Kinder und Jugendliche wird an mehreren Tagen in der Woche Training von unserem engagierten Team angeboten. Unser Verein nimmt auch an den Punktspielrunden im Bezirk Darmstadt-Dieburg und an regionalen und \u00fcberregionalen Wettk\u00e4mpfen teil.<\/p>\n<p>Zusammen mit der Badmintonabteilung des TV Seeheim nehmen wir als Spielgemeinschaft an den Punktspielrunden der Senioren teil. Wir stellen zur Zeit vier Mannschaften.<\/p>\n<p>Ansprechpartner:<\/p>\n<table style=\"width: 100%;\" border=\"0\">\n<tbody>\n<tr>\n<td><span style=\"font-size: 10pt;\">Spartenleiter<\/span><\/td>\n<td><span style=\"font-size: 10pt;\">Alexander Muik<\/span><\/td>\n<td><span style=\"font-size: 10pt;\">info@tv-jugenheim.de<\/span><\/td>\n<\/tr>\n<tr>\n<td><span style=\"font-size: 10pt;\">Jugendwart<\/span><\/td>\n<td><span style=\"font-size: 10pt;\">Pradeep Shetty<\/span><\/td>\n<td><span style=\"font-size: 10pt;\">badminton-jugend@tv-jugenheim.de<\/span><\/td>\n<\/tr>\n<\/tbody>\n<\/table>\n<p>Trainingszeiten:<\/p>\n<table style=\"width: 100%; height: 144px;\" border=\"0\">\n<tbody>\n<tr style=\"height: 24px;\">\n<td style=\"height: 24px;\"><span style=\"font-size: 10pt;\">Badminton AG<br \/>\n<\/span><\/td>\n<td style=\"height: 24px;\"><span style=\"font-size: 10pt;\">Mo<\/span><\/td>\n<td style=\"height: 24px;\"><span style=\"font-size: 10pt;\">17:30 &#8211; 19:00<\/span><\/td>\n<td style=\"height: 24px;\"><a href=\"https:\/\/www.openstreetmap.org\/?mlat=49.76396&amp;mlon=8.63686#map=17\/49.76396\/8.63686\" target=\"_blank\" rel=\"noopener noreferrer\"><span style=\"font-size: 10pt;\">Halle 27 im Schuldorf<\/span><\/a><\/td>\n<td style=\"height: 24px;\"><span style=\"font-size: 10pt;\">Nils Greinert<\/span><\/td>\n<\/tr>\n<tr style=\"height: 24px;\">\n<td style=\"height: 24px;\"><span style=\"font-size: 10pt;\">Badminton AG<br \/>\n<\/span><\/td>\n<td style=\"height: 24px;\"><span style=\"font-size: 10pt;\">Di<\/span><\/td>\n<td style=\"height: 24px;\"><span style=\"font-size: 10pt;\">17:30- 19:00<\/span><\/td>\n<td style=\"height: 24px;\"><span style=\"font-size: 10pt;\"><a href=\"https:\/\/www.openstreetmap.org\/?mlat=49.76195&amp;mlon=8.63084#map=17\/49.76194\/8.63085\" target=\"_blank\" rel=\"noopener noreferrer\">Sporthalle an der D\u00fcne (Halle 42)<\/a><\/span><\/td>\n<td style=\"height: 24px;\"><span style=\"font-size: 10pt;\">Swamy Siram<\/span><\/td>\n<\/tr>\n<tr style=\"height: 24px;\">\n<td style=\"height: 24px;\"><span style=\"font-size: 10pt;\">Badminton AG<\/span><\/td>\n<td style=\"height: 24px;\"><span style=\"font-size: 10pt;\">Mi<\/span><\/td>\n<td style=\"height: 24px;\"><span style=\"font-size: 10pt;\">18:00 &#8211; 19:30<\/span><\/td>\n<td style=\"height: 24px;\"><a href=\"https:\/\/www.openstreetmap.org\/?mlat=49.76195&amp;mlon=8.63084#map=17\/49.76194\/8.63085\" target=\"_blank\" rel=\"noopener noreferrer\"><span style=\"font-size: 10pt;\">Sporthalle an der D\u00fcne (Halle 42)<\/span><\/a><\/td>\n<td style=\"height: 24px;\"><span style=\"font-size: 10pt;\">Pradeep Shetty<\/span><\/td>\n<\/tr>\n<tr style=\"height: 24px;\">\n<td style=\"height: 24px;\"><span style=\"font-size: 10pt;\">Mannschaften<\/span><\/td>\n<td style=\"height: 24px;\"><span style=\"font-size: 10pt;\">Mi<\/span><\/td>\n<td style=\"height: 24px;\"><span style=\"font-size: 10pt;\">19:30 &#8211; 22:00<\/span><\/td>\n<td style=\"height: 24px;\"><span style=\"font-size: 10pt;\"><a href=\"https:\/\/www.openstreetmap.org\/?mlat=49.76195&amp;mlon=8.63084#map=17\/49.76194\/8.63085\" target=\"_blank\" rel=\"noopener noreferrer\">Sporthalle an der D\u00fcne (Halle 42)<\/a><\/span><\/td>\n<td style=\"height: 24px;\"><span style=\"font-size: 10pt;\">Alexander Muik<\/span><\/td>\n<\/tr>\n<tr style=\"height: 24px;\">\n<td style=\"height: 24px;\"><span style=\"font-size: 10pt;\">Kinder<\/span><\/td>\n<td style=\"height: 24px;\"><span style=\"font-size: 10pt;\">Fr<\/span><\/td>\n<td style=\"height: 24px;\"><span style=\"font-size: 10pt;\">19:00 &#8211; 22:00<\/span><\/td>\n<td style=\"height: 24px;\"><span style=\"font-size: 10pt;\"><a href=\"https:\/\/karte.openstreetmap.de\/#map=19\/49.7656821\/8.6461356\" target=\"_blank\" rel=\"noopener noreferrer\">Forum am Rathaus<\/a><\/span><\/td>\n<td style=\"height: 24px;\"><span style=\"font-size: 10pt;\">Nils Greinert<br \/>\n<\/span><\/td>\n<\/tr>\n<tr style=\"height: 24px;\">\n<td style=\"height: 24px;\"><span style=\"font-size: 10pt;\">Mannschaften<\/span><\/td>\n<td style=\"height: 24px;\"><span style=\"font-size: 10pt;\">Fr<\/span><\/td>\n<td style=\"height: 24px;\"><span style=\"font-size: 10pt;\">19:00 &#8211; 22:00<\/span><\/td>\n<td style=\"height: 24px;\"><span style=\"font-size: 10pt;\"><a href=\"https:\/\/www.openstreetmap.org\/?mlat=49.76195&amp;mlon=8.63084#map=17\/49.76194\/8.63085\" target=\"_blank\" rel=\"noopener noreferrer\">Sporthalle an der D\u00fcne (Halle 42)<\/a><\/span><\/td>\n<td style=\"height: 24px;\"><span style=\"font-size: 10pt;\">Alexander Muik<\/span><\/td>\n<\/tr>\n<\/tbody>\n<\/table>\n","protected":false},"excerpt":{"rendered":"<p>Die Badminton-Abteilung des TV Jugenheim verf\u00fcgt \u00fcber einen Jugend- und einen Erwachsenen-Bereich. F\u00fcr Kinder und Jugendliche wird an mehreren Tagen in der Woche Training von unserem engagierten Team angeboten. Unser Verein nimmt auch an den Punktspielrunden im Bezirk Darmstadt-Dieburg und an regionalen und \u00fcberregionalen Wettk\u00e4mpfen teil. Zusammen mit der Badmintonabteilung <a class=\"more-link\" href=\"https:\/\/tv-jugenheim.de\/wp1\/abteilung\/badminton\/\"><span class=\"screen-reader-text\">  Badminton<\/span> weiterlesen<span class=\"meta-nav\">&rarr;<\/span><\/a><\/p>\n","protected":false},"author":2,"featured_media":0,"parent":5,"menu_order":0,"comment_status":"closed","ping_status":"open","template":"","meta":{"footnotes":""},"class_list":["post-54","page","type-page","status-publish","hentry"],"_links":{"self":[{"href":"https:\/\/tv-jugenheim.de\/wp1\/wp-json\/wp\/v2\/pages\/54","targetHints":{"allow":["GET"]}}],"collection":[{"href":"https:\/\/tv-jugenheim.de\/wp1\/wp-json\/wp\/v2\/pages"}],"about":[{"href":"https:\/\/tv-jugenheim.de\/wp1\/wp-json\/wp\/v2\/types\/page"}],"author":[{"embeddable":true,"href":"https:\/\/tv-jugenheim.de\/wp1\/wp-json\/wp\/v2\/users\/2"}],"replies":[{"embeddable":true,"href":"https:\/\/tv-jugenheim.de\/wp1\/wp-json\/wp\/v2\/comments?post=54"}],"version-history":[{"count":35,"href":"https:\/\/tv-jugenheim.de\/wp1\/wp-json\/wp\/v2\/pages\/54\/revisions"}],"predecessor-version":[{"id":6860,"href":"https:\/\/tv-jugenheim.de\/wp1\/wp-json\/wp\/v2\/pages\/54\/revisions\/6860"}],"up":[{"embeddable":true,"href":"https:\/\/tv-jugenheim.de\/wp1\/wp-json\/wp\/v2\/pages\/5"}],"wp:attachment":[{"href":"https:\/\/tv-jugenheim.de\/wp1\/wp-json\/wp\/v2\/media?parent=54"}],"curies":[{"name":"wp","href":"https:\/\/api.w.org\/{rel}","templated":true}]}}